{"id":657,"date":"2017-07-04T23:43:35","date_gmt":"2017-07-04T21:43:35","guid":{"rendered":"https:\/\/cegled.mariaradio.hu\/?page_id=657"},"modified":"2017-09-19T18:01:53","modified_gmt":"2017-09-19T16:01:53","slug":"a-szeretet-hangjai","status":"publish","type":"page","link":"https:\/\/cegled.mariaradio.hu\/?page_id=657","title":{"rendered":"A szeretet hangjai"},"content":{"rendered":"<p><a href=\"https:\/\/cegled.mariaradio.hu\/?page_id=628\">Vissza az Im\u00e1ds\u00e1gokhoz<\/a><\/p>\n<p style=\"text-align: center;\">F\u00f6ls\u00e9ges \u00e9s dics\u0151s\u00e9ges Isten, ragyogd be sz\u00edvem s\u00f6t\u00e9ts\u00e9get,<br \/>\n\u00e9s adj nekem igaz hitet, biztos rem\u00e9nyt, \u00e9s t\u00f6k\u00e9letes szeretetet,<br \/>\n\u00e9rz\u00e9ket \u00e9s \u00e9rtelmet, Uram, hogy megtegyem a Te szent \u00e9s igaz parancsodat!<br \/>\n<em>\u00c1men.<\/em><br \/>\n(Assisi Szent Ferenc)<\/p>\n<p style=\"text-align: center;\">&nbsp;<\/p>\n<p style=\"text-align: center;\">Istent sohasem birtokoljuk annyira, hogy m\u00e1r ne kellene \u0151 r\u00e1 v\u00e1rnunk.<br \/>\nViszont ha v\u00e1rjuk \u0151t, ne feledj\u00fck: Isten m\u00e1r sokkal el\u0151bb v\u00e1rt minket!<br \/>\n(Dietrich Bonhoeffer)<\/p>\n<p style=\"text-align: center;\">&nbsp;<\/p>\n<p style=\"text-align: center;\">\u00dagy legyen, ahogyan te akarod! Teljesen gondvisel\u00e9sedre hagyatkozom.<br \/>\nT\u00e9gy velem akaratod szerint!<br \/>\n(Xav\u00e9ri Szent Ferenc)<\/p>\n<p style=\"text-align: center;\">&nbsp;<\/p>\n<p style=\"text-align: center;\">Gondolj arra: Isten m\u00e9zzel akarja kit\u00f6lteni lelkedet,<br \/>\nhogy kedves legy\u00e9l. De hov\u00e1 t\u00f6ltse a m\u00e9zet, ha tele vagy<br \/>\necettel? El\u0151bb ki kell \u00f6ntened az ecetet, majd alaposan<br \/>\nkis\u00farolnod a hord\u00f3t, b\u00e1rmennyire keserves munka is ez!<br \/>\n(Szent \u00c1goston)<\/p>\n<p style=\"text-align: center;\">&nbsp;<\/p>\n<p style=\"text-align: center;\">J\u00f6jjetek hozz\u00e1m mind, akik f\u00e1radtak vagytok \u00e9s terhet hordoztok,<br \/>\n\u00e9s \u00e9n fel\u00fcd\u00edtelek titeket.<br \/>\n(Mt 11,28)<\/p>\n<p style=\"text-align: center;\">&nbsp;<\/p>\n<p style=\"text-align: center;\">Az\u00e9rt van s\u00edr\u00f3, hogy vigasztald,<br \/>\n\u00e9s \u00e9hez\u0151, hogy ter\u00edts asztalt.<br \/>\nAz\u00e9rt van seb, hogy bek\u00f6sse kezed.<br \/>\nVak, elhagyott az\u00e9rt van, hogy vezesd.<br \/>\n(B\u00f3d\u00e1s J\u00e1nos)<\/p>\n<p style=\"text-align: center;\">&nbsp;<\/p>\n<p style=\"text-align: center;\">Minden teremtm\u00e9ny mag\u00e1n viseli Isten keze nyom\u00e1t:<br \/>\nnagys\u00e1g\u00e1t, hatalm\u00e1t, b\u00f6lcsess\u00e9g\u00e9t.<br \/>\n(Keresztes Szent J\u00e1nos)<\/p>\n<p style=\"text-align: center;\">&nbsp;<\/p>\n<p style=\"text-align: center;\">Uram!<br \/>\nT\u00e9gy engem a Te b\u00e9k\u00e9d eszk\u00f6z\u00e9v\u00e9,<br \/>\nHogy ahol gy\u0171l\u00f6let van, oda szeretetet vigyek,<br \/>\nAhol s\u00e9relem, oda megbocs\u00e1jt\u00e1st,<br \/>\nAhol sz\u00e9th\u00faz\u00e1s, oda egyet\u00e9rt\u00e9st,<br \/>\nAhol t\u00e9ved\u00e9s, oda igazs\u00e1got,<br \/>\nAhol k\u00e9ts\u00e9g, oda hitet,<br \/>\nAhol k\u00e9ts\u00e9gbees\u00e9s, oda rem\u00e9nyt,<br \/>\nAhol s\u00f6t\u00e9ts\u00e9g, oda vil\u00e1goss\u00e1got,<br \/>\nAhol szomor\u00fas\u00e1g, oda \u00f6r\u00f6met.<br \/>\nHogy ne vigaszt keressek,<br \/>\nHanem vigasztaljak,<br \/>\nHogy ne meg\u00e9rt\u00e9st keressek,<br \/>\nHanem m\u00e1sokat \u00e9rtsek meg,<br \/>\nHogy ne engem szeressenek,<br \/>\nHanem szeretetet ny\u00fajtsak.<br \/>\nMert amikor adunk, akkor kapunk,<br \/>\nmikor megbocs\u00e1jtunk, nyer\u00fcnk bocs\u00e1natot,<br \/>\nmikor meghalunk, sz\u00fclet\u00fcnk meg az \u00f6r\u00f6kk\u00e9val\u00f3s\u00e1gra!<br \/>\n<em>\u00c1men.<\/em><br \/>\n(Assisi Szent Ferenc)<\/p>\n<p style=\"text-align: center;\">&nbsp;<\/p>\n<p style=\"text-align: center;\"><strong>Felaj\u00e1nl\u00f3 ima a Fatimai Sz\u0171zany\u00e1hoz<\/strong><\/p>\n<p style=\"text-align: center;\">Boldogs\u00e1gos Fatimai Sz\u0171z, anyai jelenl\u00e9ted\u00e9rt<br \/>\nmeg\u00fajult h\u00e1l\u00e1val csatlakozunk minden nemzed\u00e9k<br \/>\nhangj\u00e1hoz, amely T\u00e9ged boldognak nevez.<\/p>\n<p style=\"text-align: center;\">&nbsp;<\/p>\n<p style=\"text-align: center;\">Benned \u00fcnnepelj\u00fck Isten nagy m\u0171veit, aki soha<br \/>\nnem f\u00e1rad bele, hogy lehajoljon irgalmass\u00e1g\u00e1val&nbsp;<br \/>\na gonosz \u00e1ltal s\u00fajtott \u00e9s a b\u0171n \u00e1ltal megsebzett&nbsp;<br \/>\nemberis\u00e9gre, hogy meggy\u00f3gy\u00edtsa \u00e9s \u00fcdv\u00f6z\u00edtse.<\/p>\n<p style=\"text-align: center;\">&nbsp;<\/p>\n<p style=\"text-align: center;\">Fogadd el az Anya j\u00f3indulat\u00e1val ezt a felaj\u00e1nl\u00e1si&nbsp;<br \/>\naktust, amelyet ma bizalommal v\u00e9grehajtunk a&nbsp;<br \/>\nsz\u00e1munkra olyan kedves kegyk\u00e9ped el\u0151tt.<\/p>\n<p style=\"text-align: center;\">&nbsp;<\/p>\n<p style=\"text-align: center;\">Biztosak vagyunk abban, hogy mindny\u00e1jan<br \/>\n\u00e9rt\u00e9kesek vagyunk szemedben \u00e9s semmi sem<br \/>\nidegen t\u0151led mindatt\u00f3l, ami sz\u00edv\u00fcnkben lakik.&nbsp;<br \/>\nHagyjuk, hogy \u00e9des tekinteted el\u00e9rjen benn\u00fcnket&nbsp;<br \/>\n\u00e9s elfogadjuk mosolyod vigasztal\u00f3 simogat\u00e1s\u00e1t.<\/p>\n<p style=\"text-align: center;\">&nbsp;<\/p>\n<p style=\"text-align: center;\">\u0150rizd meg karjaid k\u00f6z\u00f6tt \u00e9let\u00fcnket: \u00e1ldj meg&nbsp;<br \/>\nbenn\u00fcnket \u00e9s er\u0151s\u00edtsd meg minden j\u00f3ra val\u00f3&nbsp;<br \/>\nk\u00edv\u00e1ns\u00e1gunkat; \u00e9leszd fel \u00e9s t\u00e1pl\u00e1ld a hitet;&nbsp;<br \/>\nt\u00e1mogasd \u00e9s vil\u00e1g\u00edtsd meg a rem\u00e9nyt; t\u00e1massz&nbsp;<br \/>\nszeretetet \u00e9s t\u00e1pl\u00e1ld azt; vezess mindny\u00e1junkat&nbsp;<br \/>\naz \u00e9letszents\u00e9g \u00fatj\u00e1n.<\/p>\n<p style=\"text-align: center;\">&nbsp;<\/p>\n<p style=\"text-align: center;\">Tan\u00edtsd meg nek\u00fcnk a Te szereteteddel, hogy&nbsp;<br \/>\nel\u0151nyben r\u00e9szes\u00edts\u00fck a kicsinyeket \u00e9s a szeg\u00e9nyeket,&nbsp;<br \/>\na t\u00e1rsadalomb\u00f3l kiz\u00e1rtakat \u00e9s a szenved\u0151ket,<br \/>\na b\u0171n\u00f6s\u00f6ket \u00e9s a sz\u00edv\u00fckben elt\u00e9velyedetteket:<br \/>\ngy\u0171jts \u00f6ssze mindenkit oltalmad al\u00e1 \u00e9s mindenkit&nbsp;<br \/>\njuttass el szeretett Fiadhoz, a mi Urunkhoz, J\u00e9zushoz.&nbsp;<br \/>\n\u271d<\/p>\n<p style=\"text-align: center;\"><em>\u00c1men.<\/em><\/p>\n","protected":false},"excerpt":{"rendered":"<p>Vissza az Im\u00e1ds\u00e1gokhoz F\u00f6ls\u00e9ges \u00e9s dics\u0151s\u00e9ges Isten, ragyogd be sz\u00edvem s\u00f6t\u00e9ts\u00e9get, \u00e9s adj nekem igaz hitet, biztos rem\u00e9nyt, \u00e9s t\u00f6k\u00e9letes szeretetet, \u00e9rz\u00e9ket \u00e9s \u00e9rtelmet, Uram, hogy megtegyem a Te szent \u00e9s igaz parancsodat! \u00c1men. (Assisi Szent Ferenc) &nbsp; Istent sohasem birtokoljuk annyira, hogy m\u00e1r ne kellene \u0151 r\u00e1 v\u00e1rnunk. Viszont &hellip;<\/p>\n","protected":false},"author":1,"featured_media":0,"parent":628,"menu_order":0,"comment_status":"closed","ping_status":"closed","template":"","meta":{"_monsterinsights_skip_tracking":false,"_monsterinsights_sitenote_active":false,"_monsterinsights_sitenote_note":"","_monsterinsights_sitenote_category":0,"ngg_post_thumbnail":0,"footnotes":""},"_links":{"self":[{"href":"https:\/\/cegled.mariaradio.hu\/index.php?rest_route=\/wp\/v2\/pages\/657"}],"collection":[{"href":"https:\/\/cegled.mariaradio.hu\/index.php?rest_route=\/wp\/v2\/pages"}],"about":[{"href":"https:\/\/cegled.mariaradio.hu\/index.php?rest_route=\/wp\/v2\/types\/page"}],"author":[{"embeddable":true,"href":"https:\/\/cegled.mariaradio.hu\/index.php?rest_route=\/wp\/v2\/users\/1"}],"replies":[{"embeddable":true,"href":"https:\/\/cegled.mariaradio.hu\/index.php?rest_route=%2Fwp%2Fv2%2Fcomments&post=657"}],"version-history":[{"count":5,"href":"https:\/\/cegled.mariaradio.hu\/index.php?rest_route=\/wp\/v2\/pages\/657\/revisions"}],"predecessor-version":[{"id":1027,"href":"https:\/\/cegled.mariaradio.hu\/index.php?rest_route=\/wp\/v2\/pages\/657\/revisions\/1027"}],"up":[{"embeddable":true,"href":"https:\/\/cegled.mariaradio.hu\/index.php?rest_route=\/wp\/v2\/pages\/628"}],"wp:attachment":[{"href":"https:\/\/cegled.mariaradio.hu\/index.php?rest_route=%2Fwp%2Fv2%2Fmedia&parent=657"}],"curies":[{"name":"wp","href":"https:\/\/api.w.org\/{rel}","templated":true}]}}